{"id":4968,"date":"2022-01-19T22:10:42","date_gmt":"2022-01-19T22:10:42","guid":{"rendered":"https:\/\/malagafilmcommission.com\/?page_id=4968"},"modified":"2022-01-19T22:40:08","modified_gmt":"2022-01-19T22:40:08","slug":"aviso-legal","status":"publish","type":"page","link":"https:\/\/malagafilm.com\/fr\/aviso-legal\/","title":{"rendered":"Avis juridique"},"content":{"rendered":"<div data-elementor-type=\"wp-page\" data-elementor-id=\"4968\" class=\"elementor elementor-4968\" data-elementor-post-type=\"page\">\n\t\t\t\t\t\t<section class=\"elementor-section elementor-top-section elementor-element elementor-element-38d95310 elementor-section-boxed elementor-section-height-default elementor-section-height-default\" data-id=\"38d95310\" data-element_type=\"section\" data-e-type=\"section\">\n\t\t\t\t\t\t<div class=\"elementor-container elementor-column-gap-default\">\n\t\t\t\t\t<div class=\"elementor-column elementor-col-100 elementor-top-column elementor-element elementor-element-2775c42a\" data-id=\"2775c42a\" data-element_type=\"column\" data-e-type=\"column\">\n\t\t\t<div class=\"elementor-widget-wrap elementor-element-populated\">\n\t\t\t\t\t\t<div class=\"elementor-element elementor-element-1987135e elementor-widget elementor-widget-text-editor\" data-id=\"1987135e\" data-element_type=\"widget\" data-e-type=\"widget\" data-widget_type=\"text-editor.default\">\n\t\t\t\t<div class=\"elementor-widget-container\">\n\t\t\t\t\t\t\t\t\t\n<h2 class=\"wp-block-heading\">Avis juridique<\/h2>\n\n\n\n<p>Votre vie priv\u00e9e est importante pour nous, dans cette politique, nous expliquons quelles donn\u00e9es personnelles nous collectons \u00e0 travers nos interactions avec vous et comment nous les utilisons. Veuillez la lire attentivement avant de fournir vos donn\u00e9es personnelles et vous assurer que vous la comprenez.<\/p>\n\n\n\n<p>En tant que responsables de ce site web, nous cherchons \u00e0 offrir les plus grandes garanties l\u00e9gales en mati\u00e8re de confidentialit\u00e9 de nos utilisateurs et \u00e0 leur expliquer, de la mani\u00e8re la plus claire et transparente possible, tout ce qui a trait au traitement des donn\u00e9es personnelles sur ce site web.<\/p>\n\n\n\n<p>Le site malaga.es respecte les exigences \u00e9nonc\u00e9es dans le r\u00e8glement (UE) 2016\/679 du Parlement europ\u00e9en et du Conseil du 27 avril 2016 relatif \u00e0 la protection des personnes physiques \u00e0 l'\u00e9gard du traitement des donn\u00e9es \u00e0 caract\u00e8re personnel et \u00e0 la libre circulation de ces donn\u00e9es, et abrogeant la directive 95\/46\/CE (r\u00e8glement g\u00e9n\u00e9ral sur la protection des donn\u00e9es, RGPD), ainsi que dans la loi 34\/2002 du 11 juillet, relative aux services de la soci\u00e9t\u00e9 de l'information et au commerce \u00e9lectronique (ci-apr\u00e8s, LSSICE). Conform\u00e9ment \u00e0 cette r\u00e9glementation, nous fournissons ci-dessous la politique de protection des donn\u00e9es suivie par le Conseil provincial de Malaga. Vous pouvez consulter en d\u00e9tail chacune des activit\u00e9s de traitement effectu\u00e9es par le Conseil provincial de Malaga \u00e0 l'adresse suivante&nbsp;<a href=\"https:\/\/www.malaga.es\/gobierno\/7278\/registro-tratamientos\">Registre des traitements<\/a>.<\/p>\n\n\n\n<h4 class=\"wp-block-heading\">Responsable du traitement des donn\u00e9es<\/h4>\n\n\n\n<p>Le responsable du traitement des donn\u00e9es est la Diputaci\u00f3n Provincial de M\u00e1laga, avec le num\u00e9ro CIF P2900000G, l'adresse postale Calle Pac\u00edfico n\u00ba 54 C.P 29004 - M\u00e1laga (Espagne), le num\u00e9ro de t\u00e9l\u00e9phone de contact 952 133 500 et l'adresse \u00e9lectronique.<a href=\"mailto:info@malaga.es\">&nbsp;info@malaga.es<\/a>. Les activit\u00e9s de traitement men\u00e9es par la Diputaci\u00f3n Provincial de M\u00e1laga se trouvent \u00e0 l'adresse suivante&nbsp;<a href=\"https:\/\/www.malaga.es\/gobierno\/7278\/registro-tratamientos\">Registre des traitements<\/a>.<\/p>\n\n\n\n<h4 class=\"wp-block-heading\">Objectif du traitement<\/h4>\n\n\n\n<p>\u00c0 la Diputaci\u00f3n Provincial de M\u00e1laga, nous recueillons et traitons vos donn\u00e9es personnelles afin de g\u00e9rer efficacement nos services et de vous les fournir avec la meilleure qualit\u00e9 possible. En utilisant les services du site https:\/\/www.malaga.es, vous nous autorisez \u00e0 traiter vos donn\u00e9es aux fins pour lesquelles elles ont \u00e9t\u00e9 collect\u00e9es. Les finalit\u00e9s de chacune des activit\u00e9s de traitement effectu\u00e9es par la Diputaci\u00f3n de M\u00e1laga peuvent \u00eatre consult\u00e9es dans notre section&nbsp;<a href=\"https:\/\/www.malaga.es\/gobierno\/7278\/registro-tratamientos\">Registre des traitements<\/a>.<\/p>\n\n\n\n<p>Les donn\u00e9es ne sont pas trait\u00e9es \u00e0 des fins de profilage ni utilis\u00e9es \u00e0 d'autres fins que celles mentionn\u00e9es ci-dessus.<\/p>\n\n\n\n<h4 class=\"wp-block-heading\">P\u00e9riode de conservation de vos donn\u00e9es<\/h4>\n\n\n\n<p>Les donn\u00e9es personnelles fournies seront conserv\u00e9es pendant la dur\u00e9e n\u00e9cessaire \u00e0 l'accomplissement de la finalit\u00e9 pour laquelle elles ont \u00e9t\u00e9 collect\u00e9es et \u00e0 la d\u00e9termination des responsabilit\u00e9s \u00e9ventuelles. En outre, le r\u00e8glement sur les archives et la documentation \u00e9tablit des p\u00e9riodes de conservation qui sont obligatoires pour le Conseil provincial.<\/p>\n\n\n\n<p>Lorsque la finalit\u00e9 du traitement requiert votre consentement, qui doit \u00eatre donn\u00e9 au moyen d'une action affirmative claire, ils seront conserv\u00e9s aussi longtemps que n\u00e9cessaire pour continuer \u00e0 fournir les services demand\u00e9s et aussi longtemps que vous ne demanderez pas leur suppression, sauf dans les cas o\u00f9 leur conservation est l\u00e9galement \u00e9tablie pour une p\u00e9riode de temps sp\u00e9cifique, apr\u00e8s quoi nous proc\u00e9derons \u00e0 leur suppression. Dans tous les cas, la personne concern\u00e9e sera inform\u00e9e de la dur\u00e9e de conservation sp\u00e9cifique \u00e0 chaque traitement de donn\u00e9es qui la concerne ou, au moins, de la disposition l\u00e9gale qui d\u00e9termine cette dur\u00e9e.<\/p>\n\n\n\n<h4 class=\"wp-block-heading\">L\u00e9gitimation du traitement de vos donn\u00e9es<\/h4>\n\n\n\n<p>Le traitement de vos donn\u00e9es est effectu\u00e9 afin de respecter les obligations d\u00e9coulant de l'exercice des pouvoirs attribu\u00e9s par la loi \u00e0 la Diputaci\u00f3n Provincial de M\u00e1laga. De m\u00eame, lorsque la finalit\u00e9 du traitement requiert le consentement des personnes concern\u00e9es, celui-ci doit \u00eatre donn\u00e9 au moyen d'une action claire, affirmative, libre, sp\u00e9cifique, non \u00e9quivoque et inform\u00e9e.<\/p>\n\n\n\n<h4 class=\"wp-block-heading\">Destinataires des donn\u00e9es<\/h4>\n\n\n\n<p>Vos donn\u00e9es ne seront pas transmises \u00e0 des tiers, afin qu'ils puissent vous fournir un service ou effectuer un traitement directement, \u00e0 moins qu'il n'existe une obligation l\u00e9gale de le faire. Toutefois, vos donn\u00e9es peuvent \u00eatre communiqu\u00e9es \u00e0 des \" Responsables du traitement \", dont l'intervention est n\u00e9cessaire pour la fourniture de nos services, agissant \u00e0 tout moment conform\u00e9ment \u00e0 nos instructions pour assurer un traitement correct et ad\u00e9quat de vos donn\u00e9es ; l'acc\u00e8s \u00e0 vos donn\u00e9es par nos Responsables du traitement sera toujours indispensable pour atteindre les objectifs poursuivis dans leurs actions. De m\u00eame, d'autres Organismes Publics ou Administrations pourront acc\u00e9der \u00e0 vos donn\u00e9es, dans le cas o\u00f9 cela serait n\u00e9cessaire pour la r\u00e9solution des proc\u00e9dures administratives trait\u00e9es par la Mairie dans lesquelles vous \u00eates partie.<\/p>\n\n\n\n<p>En aucun cas, nous ne transf\u00e9rerons vos donn\u00e9es \u00e0 des organisations situ\u00e9es en dehors de l'Union europ\u00e9enne.<\/p>\n\n\n\n<h4 class=\"wp-block-heading\">Droits des personnes concern\u00e9es<\/h4>\n\n\n\n<p>La personne concern\u00e9e peut exercer les droits d'acc\u00e8s, de rectification, d'effacement, de limitation du traitement, de portabilit\u00e9 des donn\u00e9es, d'opposition et le droit de ne pas faire l'objet d'une d\u00e9cision fond\u00e9e uniquement sur un traitement automatis\u00e9, y compris le profilage. Ces droits peuvent \u00eatre exerc\u00e9s en remplissant un formulaire disponible au registre g\u00e9n\u00e9ral de la Diputaci\u00f3n Provincial de M\u00e1laga, en le t\u00e9l\u00e9chargeant sur le site officiel \u00e0 l'adresse suivante<a href=\"https:\/\/www.malaga.es\/gobierno\/7285\/ejercicio-derechos\">&nbsp;Exercice des droits<\/a>ou en le demandant par e-mail \u00e0 protecciondedatos@malaga.es. Une fois remplis, vous pouvez les soumettre sur l'un des sites pr\u00e9vus \u00e0 l'article 16.4 de la loi 39\/2015, du 1er octobre, sur la proc\u00e9dure administrative commune des administrations publiques :<\/p>\n\n\n\n<ol class=\"wp-block-list\"><li>Dans le registre \u00e9lectronique du Conseil provincial, ainsi que dans les autres registres \u00e9lectroniques de l'une des entit\u00e9s vis\u00e9es \u00e0 l'article 2.1 de la loi 39\/2015, du 1er octobre.<\/li><li>Dans les bureaux de poste, selon les modalit\u00e9s fix\u00e9es par voie r\u00e9glementaire.<\/li><li>Dans les repr\u00e9sentations diplomatiques ou consulaires de l'Espagne \u00e0 l'\u00e9tranger.<\/li><li>Dans les bureaux d'assistance de l'\u00e9tat civil.<\/li><li>De toute autre mani\u00e8re pr\u00e9vue par les dispositions en vigueur.<\/li><\/ol>\n\n\n\n<p>Il a \u00e9galement le droit d'introduire une plainte aupr\u00e8s de la Commission europ\u00e9enne.&nbsp;<a href=\"https:\/\/ws050.juntadeandalucia.es\/vea\/faces\/vi\/procedimientos.xhtml\" target=\"_blank\" rel=\"noreferrer noopener\">Conseil d'Andalousie pour la transparence et la protection des donn\u00e9es<\/a>.<\/p>\n\n\n\n<p>Si le traitement est fond\u00e9 sur votre consentement, vous avez le droit de retirer votre consentement \u00e0 tout moment, sans que cela n'affecte la l\u00e9galit\u00e9 du traitement fond\u00e9 sur le consentement avant son retrait.<\/p>\n\n\n\n<h4 class=\"wp-block-heading\">D\u00e9l\u00e9gu\u00e9 \u00e0 la protection des donn\u00e9es<\/h4>\n\n\n\n<p>Pour exercer vos droits ou pour discuter de toute question li\u00e9e \u00e0 la protection des donn\u00e9es personnelles, veuillez contacter le d\u00e9l\u00e9gu\u00e9 \u00e0 la protection des donn\u00e9es \u00e0 calle Pac\u00edfico n\u00ba 54 C.P 29004 - M\u00e1laga (Espagne), num\u00e9ro de t\u00e9l\u00e9phone 952 133 624 et adresse \u00e9lectronique&nbsp;<a href=\"mailto:protecciondedatos@malaga.es\">protecciondedatos@malaga.es<\/a>.<\/p>\n\n\n\n<h4 class=\"wp-block-heading\">Informations que nous traitons<\/h4>\n\n\n\n<p>Lorsqu'une personne concern\u00e9e se connecte \u00e0 ce site web, elle fournit des informations personnelles dont la Diputaci\u00f3n de M\u00e1laga est responsable. Ces informations peuvent inclure des donn\u00e9es personnelles telles que votre adresse IP, votre nom, votre adresse physique, votre adresse \u00e9lectronique, votre num\u00e9ro de t\u00e9l\u00e9phone et d'autres informations. En les fournissant, vous consentez \u00e0 ce qu'elles soient collect\u00e9es, utilis\u00e9es, g\u00e9r\u00e9es et stock\u00e9es par la Diputaci\u00f3n de M\u00e1laga uniquement comme d\u00e9crit dans la pr\u00e9sente politique de confidentialit\u00e9.<\/p>\n\n\n\n<h4 class=\"wp-block-heading\">Principes du traitement<\/h4>\n\n\n\n<p>\u00c0 la Diputaci\u00f3n Provincial de M\u00e1laga, compte tenu des exigences du GDPR, nous appliquons les principes suivants lors du traitement de vos donn\u00e9es personnelles :<\/p>\n\n\n\n<ul class=\"wp-block-list\"><li><strong>Principe de l\u00e9galit\u00e9, d'\u00e9quit\u00e9 et de transparence<\/strong>Nous demanderons toujours votre consentement pour le traitement de vos donn\u00e9es personnelles, pour une ou plusieurs finalit\u00e9s sp\u00e9cifiques, et nous vous en informerons au pr\u00e9alable en toute transparence.<\/li><li><strong>Principe de minimisation des donn\u00e9es<\/strong>Nous ne demanderons que les donn\u00e9es qui sont strictement n\u00e9cessaires par rapport aux objectifs pour lesquels elles sont requises.<\/li><li><strong>Principe de la limitation de la dur\u00e9e de conservation<\/strong>Les donn\u00e9es seront conserv\u00e9es pendant une dur\u00e9e n'exc\u00e9dant pas celle n\u00e9cessaire \u00e0 la r\u00e9alisation des finalit\u00e9s du traitement, selon la finalit\u00e9, nous vous informerons de la dur\u00e9e de conservation correspondante.<\/li><li><strong>Principe d'int\u00e9grit\u00e9 et de confidentialit\u00e9<\/strong>Vos donn\u00e9es seront trait\u00e9es de mani\u00e8re \u00e0 garantir une s\u00e9curit\u00e9 et une confidentialit\u00e9 appropri\u00e9es. Vous devez savoir que nous prenons toutes les pr\u00e9cautions n\u00e9cessaires pour emp\u00eacher l'acc\u00e8s non autoris\u00e9 ou l'utilisation abusive des donn\u00e9es de mes utilisateurs par des tiers.<\/li><\/ul>\n\n\n\n<h4 class=\"wp-block-heading\">Exactitude et v\u00e9racit\u00e9 des donn\u00e9es<\/h4>\n\n\n\n<p>L'utilisateur garantit que les donn\u00e9es personnelles fournies \u00e0 travers les diff\u00e9rents canaux disponibles sont v\u00e9ridiques, \u00e9tant oblig\u00e9 de communiquer toute modification de ces derni\u00e8res.<\/p>\n\n\n\n<p>En tant qu'utilisateur, vous \u00eates le seul responsable de la v\u00e9racit\u00e9 et de l'exactitude de vos donn\u00e9es, exon\u00e9rant la Diputaci\u00f3n Provincial de M\u00e1laga de toute responsabilit\u00e9, dommage ou perte caus\u00e9s \u00e0 cet \u00e9gard.<\/p>\n\n\n\n<h4 class=\"wp-block-heading\">Secret et s\u00e9curit\u00e9<\/h4>\n\n\n\n<p>La Diputaci\u00f3n de M\u00e1laga s'engage, dans l'utilisation et le traitement des donn\u00e9es personnelles des utilisateurs, \u00e0 respecter leur confidentialit\u00e9 et \u00e0 les utiliser conform\u00e9ment \u00e0 la finalit\u00e9 pour laquelle elles ont \u00e9t\u00e9 collect\u00e9es, ainsi qu'\u00e0 respecter son obligation de les conserver et \u00e0 adapter toutes les mesures pour \u00e9viter leur alt\u00e9ration, perte, traitement ou acc\u00e8s non autoris\u00e9, conform\u00e9ment aux dispositions de la l\u00e9gislation en vigueur en mati\u00e8re de protection des donn\u00e9es.<\/p>\n\n\n\n<p>En ce qui concerne la confidentialit\u00e9 du traitement, la Diputaci\u00f3n de M\u00e1laga veillera \u00e0 ce que toute personne autoris\u00e9e \u00e0 traiter les donn\u00e9es de la personne concern\u00e9e (y compris son personnel, ses collaborateurs et ses prestataires de services) soit soumise \u00e0 une obligation de confidentialit\u00e9 appropri\u00e9e (qu'il s'agisse d'une obligation contractuelle ou l\u00e9gale).<\/p>\n\n\n\n<p>Lorsqu'un incident de s\u00e9curit\u00e9 se produit, la personne concern\u00e9e en est inform\u00e9e sans retard injustifi\u00e9 et fournit en temps utile les informations relatives \u00e0 l'incident de s\u00e9curit\u00e9 d\u00e8s qu'elle en a connaissance ou lorsque la personne concern\u00e9e le demande raisonnablement.<\/p>\n\n\n\n<h4 class=\"wp-block-heading\">Cookies<\/h4>\n\n\n\n<p>La Diputaci\u00f3n de M\u00e1laga utilise des cookies pour fournir ses services web et aider \u00e0 la collecte de donn\u00e9es. Les cookies nous permettent, entre autres, d'enregistrer vos pr\u00e9f\u00e9rences et vos param\u00e8tres, de vous permettre de vous connecter, de fournir des publicit\u00e9s bas\u00e9es sur les int\u00e9r\u00eats, de lutter contre la fraude et d'analyser les performances des services de notre site web.<\/p>\n\n\n\n<h5 class=\"wp-block-heading\">Que sont les cookies ?<\/h5>\n\n\n\n<p>Les cookies sont de petits fichiers qui sont install\u00e9s sur votre ordinateur lorsque vous visitez des sites web. Ils sont utilis\u00e9s pour ex\u00e9cuter certaines fonctions qui am\u00e9liorent l'exp\u00e9rience de l'utilisateur et rendent la navigation plus utile.<\/p>\n\n\n\n<h5 class=\"wp-block-heading\">Quels types de cookies ce site web utilise-t-il ?<\/h5>\n\n\n\n<p>Les types suivants sont utilis\u00e9s sur ce site web :<\/p>\n\n\n\n<ul class=\"wp-block-list\"><li><strong>Cookies techniques<\/strong>. Ils sont utilis\u00e9s pour le maintien des sessions dans les zones \u00e0 acc\u00e8s restreint qui n\u00e9cessitent une authentification par utilisateur et mot de passe ou par certificat num\u00e9rique. Si les cookies sont d\u00e9sactiv\u00e9s, vous ne pourrez pas acc\u00e9der \u00e0 ces sections. Une fois la session termin\u00e9e, ils peuvent \u00eatre supprim\u00e9s sans probl\u00e8me.<\/li><li><strong>Cookies de personnalisation<\/strong>. Ils sont utilis\u00e9s pour que le navigateur puisse se souvenir des pr\u00e9f\u00e9rences d'un ordinateur sp\u00e9cifique, telles que la langue de navigation ou les options pr\u00e9f\u00e9r\u00e9es. Si vous d\u00e9sactivez les cookies, vous devrez configurer vos pr\u00e9f\u00e9rences \u00e0 chaque fois que vous visiterez le site web.<\/li><li><strong>Cookies d'analyse<\/strong>. Ils sont utilis\u00e9s pour mesurer et analyser la navigation des utilisateurs afin d'am\u00e9liorer le contenu et les services fournis. Aucune information personnelle sur les utilisateurs n'est obtenue, mais uniquement des informations anonymes telles que le nombre d'utilisateurs, le nombre de pages visit\u00e9es, la fr\u00e9quence et la r\u00e9p\u00e9tition des visites, la dur\u00e9e, le navigateur utilis\u00e9, l'op\u00e9rateur, la langue de navigation ou l'adresse IP d'origine de l'\u00e9quipement. Ce site Web utilise Google Analytics, un service d'analyse du Web d\u00e9velopp\u00e9 par Google. Si les cookies sont d\u00e9sactiv\u00e9s, aucune analyse statistique ne sera effectu\u00e9e mais le site web fonctionnera correctement.<\/li><\/ul>\n\n\n\n<p>Aucun des cookies susmentionn\u00e9s ne stocke d'informations permettant d'identifier l'utilisateur, telles que les noms, les pr\u00e9noms ou l'adresse \u00e9lectronique ou postale, et ils ne sont pas utilis\u00e9s pour obtenir ou acc\u00e9der \u00e0 tout type d'informations personnelles sur l'utilisateur.<\/p>\n\n\n\n<h5 class=\"wp-block-heading\">Comment puis-je emp\u00eacher l'utilisation de cookies ?<\/h5>\n\n\n\n<p>Vous pouvez configurer votre navigateur pour qu'il n'utilise pas de cookies ou pour qu'il vous informe lorsqu'un cookie est install\u00e9 sur votre ordinateur. Cette configuration d\u00e9pend du navigateur et il sera n\u00e9cessaire de consulter les informations du d\u00e9veloppeur pour savoir comment les autoriser, les bloquer ou les supprimer du navigateur :<\/p>\n\n\n\n<ul class=\"wp-block-list\"><li><a href=\"http:\/\/windows.microsoft.com\/es-es\/windows7\/how-to-manage-cookies-in-internet-explorer-9\">Explorer<\/a><\/li><li><a href=\"http:\/\/support.google.com\/chrome\/bin\/answer.py?hl=es&amp;answer=95647\">Chrome<\/a><\/li><li><a href=\"http:\/\/support.mozilla.org\/es\/products\/firefox\/privacy-and-security\/cookies\">Firefox<\/a><\/li><li><a href=\"http:\/\/support.apple.com\/kb\/ph5042\">Safari<\/a><\/li><li><a href=\"http:\/\/help.opera.com\/Windows\/11.50\/es-ES\/cookies.html\">Op\u00e9ra<\/a><\/li><\/ul>\n\n\n\n<h4 class=\"wp-block-heading\">Mineurs<\/h4>\n\n\n\n<p>Nous ne recueillons pas sciemment d'informations personnelles aupr\u00e8s d'enfants \u00e2g\u00e9s de moins de 14 ans. Toutefois, avec le consentement pr\u00e9alable des titulaires de l'autorit\u00e9 parentale, des images de manifestations culturelles ou sportives dans lesquelles apparaissent des mineurs pendant leur participation \u00e0 ces manifestations peuvent \u00eatre publi\u00e9es sur le site. Si votre \u00e2ge ne d\u00e9passe pas la limite \u00e9tablie, veuillez ne pas nous fournir d'informations personnelles, sauf si les services demand\u00e9s n\u00e9cessitent le traitement des donn\u00e9es personnelles des mineurs.<\/p>\n\n\n\n<p>Si vous avez la responsabilit\u00e9 parentale d'un enfant n'ayant pas atteint l'\u00e2ge limite et que votre enfant nous a fourni des informations personnelles, veuillez nous \u00e9crire \u00e0 l'adresse suivante<a href=\"http:\/\/mailto:protecciondedatos@malaga.es\/\">&nbsp;protecciondedatos@malaga.es&nbsp;<\/a>d'exercer leurs droits.<\/p>\n\n\n\n<h4 class=\"wp-block-heading\">Communications commerciales<\/h4>\n\n\n\n<p>Conform\u00e9ment \u00e0 la LSSICE, nous ne nous livrons pas \u00e0 des pratiques de SPAM, de sorte qu'aucun courrier \u00e9lectronique commercial ne sera envoy\u00e9 par des moyens \u00e9lectroniques qui n'ont pas \u00e9t\u00e9 pr\u00e9alablement demand\u00e9s ou autoris\u00e9s par l'utilisateur.<\/p>\n\n\n\n<h4 class=\"wp-block-heading\">Modifications de la politique de confidentialit\u00e9<\/h4>\n\n\n\n<p>La Diputaci\u00f3n Provincial de M\u00e1laga se r\u00e9serve le droit de modifier cette politique afin de l'adapter \u00e0 la nouvelle l\u00e9gislation ou \u00e0 la jurisprudence. Dans ce cas, elle annoncera sur cette page les changements introduits raisonnablement avant leur mise en \u0153uvre.<\/p>\n\n\n\n<p>Cette politique a \u00e9t\u00e9 mise \u00e0 jour le 23 ao\u00fbt 2019. La version actualis\u00e9e de cette politique est la seule version valable jusqu'\u00e0 ce qu'une politique de remplacement soit mise en place.<\/p>\n\n\n\n<p><\/p>\n\t\t\t\t\t\t\t\t<\/div>\n\t\t\t\t<\/div>\n\t\t\t\t\t<\/div>\n\t\t<\/div>\n\t\t\t\t\t<\/div>\n\t\t<\/section>\n\t\t\t\t<\/div>","protected":false},"excerpt":{"rendered":"<p>Aviso legal Su privacidad es importante para nosotros, en esta Pol\u00edtica explicamos qu\u00e9 datos personales recogemos a trav\u00e9s de nuestras interacciones con usted y c\u00f3mo los utilizamos. Le rogamos que antes de facilitar sus datos personales la lea con detenimiento y se asegure de que la ha comprendido debidamente. Como responsables de esta web, buscamos [&hellip;]<\/p>\n","protected":false},"author":1,"featured_media":0,"parent":0,"menu_order":0,"comment_status":"closed","ping_status":"closed","template":"","meta":{"footnotes":""},"class_list":["post-4968","page","type-page","status-publish","hentry"],"yoast_head":"<!-- This site is optimized with the Yoast SEO plugin v27.5 - https:\/\/yoast.com\/product\/yoast-seo-wordpress\/ -->\n<title>Aviso legal - Malaga Film Commission<\/title>\n<meta name=\"robots\" content=\"index, follow, max-snippet:-1, max-image-preview:large, max-video-preview:-1\" \/>\n<link rel=\"canonical\" href=\"https:\/\/malagafilm.com\/fr\/aviso-legal\/\" \/>\n<meta property=\"og:locale\" content=\"fr_FR\" \/>\n<meta property=\"og:type\" content=\"article\" \/>\n<meta property=\"og:title\" content=\"Aviso legal - Malaga Film Commission\" \/>\n<meta property=\"og:description\" content=\"Aviso legal Su privacidad es importante para nosotros, en esta Pol\u00edtica explicamos qu\u00e9 datos personales recogemos a trav\u00e9s de nuestras interacciones con usted y c\u00f3mo los utilizamos. Le rogamos que antes de facilitar sus datos personales la lea con detenimiento y se asegure de que la ha comprendido debidamente. Como responsables de esta web, buscamos [&hellip;]\" \/>\n<meta property=\"og:url\" content=\"https:\/\/malagafilm.com\/fr\/aviso-legal\/\" \/>\n<meta property=\"og:site_name\" content=\"Malaga Film Commission\" \/>\n<meta property=\"article:modified_time\" content=\"2022-01-19T22:40:08+00:00\" \/>\n<meta name=\"twitter:card\" content=\"summary_large_image\" \/>\n<meta name=\"twitter:label1\" content=\"Dur\u00e9e de lecture estim\u00e9e\" \/>\n\t<meta name=\"twitter:data1\" content=\"10 minutes\" \/>\n<script type=\"application\/ld+json\" class=\"yoast-schema-graph\">{\"@context\":\"https:\\\/\\\/schema.org\",\"@graph\":[{\"@type\":\"WebPage\",\"@id\":\"https:\\\/\\\/malagafilm.com\\\/aviso-legal\\\/\",\"url\":\"https:\\\/\\\/malagafilm.com\\\/aviso-legal\\\/\",\"name\":\"Aviso legal - Malaga Film Commission\",\"isPartOf\":{\"@id\":\"https:\\\/\\\/malagafilm.com\\\/#website\"},\"datePublished\":\"2022-01-19T22:10:42+00:00\",\"dateModified\":\"2022-01-19T22:40:08+00:00\",\"breadcrumb\":{\"@id\":\"https:\\\/\\\/malagafilm.com\\\/aviso-legal\\\/#breadcrumb\"},\"inLanguage\":\"fr-FR\",\"potentialAction\":[{\"@type\":\"ReadAction\",\"target\":[\"https:\\\/\\\/malagafilm.com\\\/aviso-legal\\\/\"]}]},{\"@type\":\"BreadcrumbList\",\"@id\":\"https:\\\/\\\/malagafilm.com\\\/aviso-legal\\\/#breadcrumb\",\"itemListElement\":[{\"@type\":\"ListItem\",\"position\":1,\"name\":\"Portada\",\"item\":\"https:\\\/\\\/malagafilm.com\\\/\"},{\"@type\":\"ListItem\",\"position\":2,\"name\":\"Aviso legal\"}]},{\"@type\":\"WebSite\",\"@id\":\"https:\\\/\\\/malagafilm.com\\\/#website\",\"url\":\"https:\\\/\\\/malagafilm.com\\\/\",\"name\":\"Malaga Film Commission\",\"description\":\"Aqu\u00ed, en la provincia de M\u00e1laga. Por su infinidad de sitios, luz y clima\",\"publisher\":{\"@id\":\"https:\\\/\\\/malagafilm.com\\\/#organization\"},\"potentialAction\":[{\"@type\":\"SearchAction\",\"target\":{\"@type\":\"EntryPoint\",\"urlTemplate\":\"https:\\\/\\\/malagafilm.com\\\/?s={search_term_string}\"},\"query-input\":{\"@type\":\"PropertyValueSpecification\",\"valueRequired\":true,\"valueName\":\"search_term_string\"}}],\"inLanguage\":\"fr-FR\"},{\"@type\":\"Organization\",\"@id\":\"https:\\\/\\\/malagafilm.com\\\/#organization\",\"name\":\"Malaga Film Commission\",\"url\":\"https:\\\/\\\/malagafilm.com\\\/\",\"logo\":{\"@type\":\"ImageObject\",\"inLanguage\":\"fr-FR\",\"@id\":\"https:\\\/\\\/malagafilm.com\\\/#\\\/schema\\\/logo\\\/image\\\/\",\"url\":\"https:\\\/\\\/malagafilm.com\\\/wp-content\\\/uploads\\\/2021\\\/10\\\/logo_MFC_blanco_400px.png\",\"contentUrl\":\"https:\\\/\\\/malagafilm.com\\\/wp-content\\\/uploads\\\/2021\\\/10\\\/logo_MFC_blanco_400px.png\",\"width\":400,\"height\":95,\"caption\":\"Malaga Film Commission\"},\"image\":{\"@id\":\"https:\\\/\\\/malagafilm.com\\\/#\\\/schema\\\/logo\\\/image\\\/\"}}]}<\/script>\n<!-- \/ Yoast SEO plugin. -->","yoast_head_json":{"title":"Avis juridique - Commission du Film de Malaga","robots":{"index":"index","follow":"follow","max-snippet":"max-snippet:-1","max-image-preview":"max-image-preview:large","max-video-preview":"max-video-preview:-1"},"canonical":"https:\/\/malagafilm.com\/fr\/aviso-legal\/","og_locale":"fr_FR","og_type":"article","og_title":"Aviso legal - Malaga Film Commission","og_description":"Aviso legal Su privacidad es importante para nosotros, en esta Pol\u00edtica explicamos qu\u00e9 datos personales recogemos a trav\u00e9s de nuestras interacciones con usted y c\u00f3mo los utilizamos. Le rogamos que antes de facilitar sus datos personales la lea con detenimiento y se asegure de que la ha comprendido debidamente. Como responsables de esta web, buscamos [&hellip;]","og_url":"https:\/\/malagafilm.com\/fr\/aviso-legal\/","og_site_name":"Malaga Film Commission","article_modified_time":"2022-01-19T22:40:08+00:00","twitter_card":"summary_large_image","twitter_misc":{"Dur\u00e9e de lecture estim\u00e9e":"10 minutes"},"schema":{"@context":"https:\/\/schema.org","@graph":[{"@type":"WebPage","@id":"https:\/\/malagafilm.com\/aviso-legal\/","url":"https:\/\/malagafilm.com\/aviso-legal\/","name":"Avis juridique - Commission du Film de Malaga","isPartOf":{"@id":"https:\/\/malagafilm.com\/#website"},"datePublished":"2022-01-19T22:10:42+00:00","dateModified":"2022-01-19T22:40:08+00:00","breadcrumb":{"@id":"https:\/\/malagafilm.com\/aviso-legal\/#breadcrumb"},"inLanguage":"fr-FR","potentialAction":[{"@type":"ReadAction","target":["https:\/\/malagafilm.com\/aviso-legal\/"]}]},{"@type":"BreadcrumbList","@id":"https:\/\/malagafilm.com\/aviso-legal\/#breadcrumb","itemListElement":[{"@type":"ListItem","position":1,"name":"Portada","item":"https:\/\/malagafilm.com\/"},{"@type":"ListItem","position":2,"name":"Aviso legal"}]},{"@type":"WebSite","@id":"https:\/\/malagafilm.com\/#website","url":"https:\/\/malagafilm.com\/","name":"Commission du Film de Malaga","description":"Ici, dans la province de Malaga. Pour son infinit\u00e9 de lieux, de lumi\u00e8re et de climat.","publisher":{"@id":"https:\/\/malagafilm.com\/#organization"},"potentialAction":[{"@type":"SearchAction","target":{"@type":"EntryPoint","urlTemplate":"https:\/\/malagafilm.com\/?s={search_term_string}"},"query-input":{"@type":"PropertyValueSpecification","valueRequired":true,"valueName":"search_term_string"}}],"inLanguage":"fr-FR"},{"@type":"Organization","@id":"https:\/\/malagafilm.com\/#organization","name":"Commission du Film de Malaga","url":"https:\/\/malagafilm.com\/","logo":{"@type":"ImageObject","inLanguage":"fr-FR","@id":"https:\/\/malagafilm.com\/#\/schema\/logo\/image\/","url":"https:\/\/malagafilm.com\/wp-content\/uploads\/2021\/10\/logo_MFC_blanco_400px.png","contentUrl":"https:\/\/malagafilm.com\/wp-content\/uploads\/2021\/10\/logo_MFC_blanco_400px.png","width":400,"height":95,"caption":"Malaga Film Commission"},"image":{"@id":"https:\/\/malagafilm.com\/#\/schema\/logo\/image\/"}}]}},"_links":{"self":[{"href":"https:\/\/malagafilm.com\/fr\/wp-json\/wp\/v2\/pages\/4968","targetHints":{"allow":["GET"]}}],"collection":[{"href":"https:\/\/malagafilm.com\/fr\/wp-json\/wp\/v2\/pages"}],"about":[{"href":"https:\/\/malagafilm.com\/fr\/wp-json\/wp\/v2\/types\/page"}],"author":[{"embeddable":true,"href":"https:\/\/malagafilm.com\/fr\/wp-json\/wp\/v2\/users\/1"}],"replies":[{"embeddable":true,"href":"https:\/\/malagafilm.com\/fr\/wp-json\/wp\/v2\/comments?post=4968"}],"version-history":[{"count":8,"href":"https:\/\/malagafilm.com\/fr\/wp-json\/wp\/v2\/pages\/4968\/revisions"}],"predecessor-version":[{"id":4995,"href":"https:\/\/malagafilm.com\/fr\/wp-json\/wp\/v2\/pages\/4968\/revisions\/4995"}],"wp:attachment":[{"href":"https:\/\/malagafilm.com\/fr\/wp-json\/wp\/v2\/media?parent=4968"}],"curies":[{"name":"wp","href":"https:\/\/api.w.org\/{rel}","templated":true}]}}